{"id":3667,"date":"2026-09-01T15:02:44","date_gmt":"2026-09-01T13:02:44","guid":{"rendered":"https:\/\/asmonlus.it\/index.php\/documentale-copy\/"},"modified":"2026-09-01T15:08:13","modified_gmt":"2026-09-01T13:08:13","slug":"il-cuore-del-neonato-prendiamocelo-a-cuore","status":"publish","type":"page","link":"https:\/\/asmonlus.it\/index.php\/il-cuore-del-neonato-prendiamocelo-a-cuore\/","title":{"rendered":"Il cuore del neonato, prendiamocelo a cuore!"},"content":{"rendered":"<div id='av_section_1'  class='avia-section main_color avia-section-small avia-no-shadow avia-bg-style-scroll  avia-builder-el-0  el_before_av_section  avia-builder-el-first   av-minimum-height av-minimum-height-custom  container_wrap fullsize' style=' '  ><div class='container' style='height:15px'><main  role=\"main\" itemprop=\"mainContentOfPage\"  class='template-page content  av-content-full alpha units'><div class='post-entry post-entry-type-page post-entry-3667'><div class='entry-content-wrapper clearfix'>\n<\/div><\/div><\/main><!-- close content main element --><\/div><\/div><div id='av_section_2'  class='avia-section main_color avia-section-default avia-no-shadow avia-bg-style-scroll  avia-builder-el-1  el_after_av_section  el_before_av_section   container_wrap fullsize' style=' '  ><div class='container' ><div class='template-page content  av-content-full alpha units'><div class='post-entry post-entry-type-page post-entry-3667'><div class='entry-content-wrapper clearfix'>\n<div  style='padding-bottom:10px; ' class='av-special-heading av-special-heading-h3    avia-builder-el-2  el_before_av_textblock  avia-builder-el-first  '><h3 class='av-special-heading-tag '  itemprop=\"headline\"  >Da ASM un nuovo e prezioso compendio su tutte le malattie cardiache congenite<\/h3><div class='special-heading-border'><div class='special-heading-inner-border' ><\/div><\/div><\/div>\n<section class=\"av_textblock_section \"  itemscope=\"itemscope\" itemtype=\"https:\/\/schema.org\/CreativeWork\" ><div class='avia_textblock  '  style='font-size:14px; '  itemprop=\"text\" ><p>L\u2019informazione \u00e8 uno dei compiti principali di ASM, poich\u00e9 siamo convinti che le gestanti e le neomamme in possesso di notizie scientificamente fondate e aggiornate rappresentino il primo e pi\u00f9 saldo presidio per mantenere una buona salute e per affrontare tempestivamente ed efficacemente i problemi che dovessero manifestarsi. Nel solco di questa filosofia si colloca la nuova pubblicazione predisposta dai nostri specialisti, dedicata alle malattie cardiache congenite, ossia alle patologie di gran lunga pi\u00f9 frequenti nei nuovi nati, oggi molto pi\u00f9 curabili che in passato. Nelle 60 pagine dell\u2019opuscolo \u201c<em>Il cuore del neonato, prendiamocelo a cuore!<\/em>\u201d, i genitori dei piccoli affetti da questi problemi troveranno le risposte a tutte le loro domande: i diversi capitoli approfondiscono infatti l\u2019incidenza, le cause, prevenibili e non, delle malformazioni del cuore, gli strumenti per la diagnosi sul nascituro e sul neonato, e poi i sintomi, gli interventi correttivi e le prospettive di vita successiva, trattati in modo esaustivo per ogni singolo difetto cardiaco. Non manca un capitolo sul supporto psicologico, molto importante in queste situazioni. Molto utile la sezione sulle domande pi\u00f9 frequenti, come pure il pratico dizionario dei termini cardiologici che chiude la pubblicazione. Curato dal Dottor Stefano Marianeschi e dal Professor Giuseppe Rizzo, membri del nostro Comitato Scientifico, lo strumento informativo, edito dalla Fondazione ASM per la salute dell\u2019infanzia, gode del patrocinio di Federfarma Lombardia. La pubblicazione \u00e8 disponibile gratuitamente nei reparti di maternit\u00e0 e neonatologia di alcuni primari ospedali pubblici, nonch\u00e9 in diverse farmacie. Pu\u00f2 inoltre essere scaricata, sempre in modo gratuito, dal nostro sito internet <a href=\"http:\/\/www.asmonlus.it\">www.asmonlus.it<\/a>. Si pu\u00f2 anche richiedere una copia cartacea gratuita scrivendo all\u2019indirizzo <a href=\"mailto:redazione@asmonlus.it\">redazione@asmonlus.it<\/a><\/p>\n<\/div><\/section>\n\n<\/div><\/div><\/div><!-- close content main div --><\/div><\/div><div id='av_section_3'  class='avia-section main_color avia-section-default avia-no-shadow avia-bg-style-scroll  avia-builder-el-4  el_after_av_section  el_before_av_section   container_wrap fullsize' style=' '  ><div class='container' ><div class='template-page content  av-content-full alpha units'><div class='post-entry post-entry-type-page post-entry-3667'><div class='entry-content-wrapper clearfix'>\n<div  style='padding-bottom:10px; ' class='av-special-heading av-special-heading-h3    avia-builder-el-5  el_before_av_tab_container  avia-builder-el-first  '><h3 class='av-special-heading-tag '  itemprop=\"headline\"  >Clicca qui per scaricare l\u2019Opuscolo<\/h3><div class='special-heading-border'><div class='special-heading-inner-border' ><\/div><\/div><\/div>\n<div  class=\"tabcontainer   sidebar_tab sidebar_tab_left border_tabs  avia-builder-el-6  el_after_av_heading  avia-builder-el-last \">\n\n<section class=\"av_tab_section\"  itemscope=\"itemscope\" itemtype=\"https:\/\/schema.org\/CreativeWork\" >    <div aria-controls=\"tab-id-1\" role=\"tab\" tabindex=\"0\" data-fake-id=\"#tab-id-1\" class=\"tab active_tab\"  itemprop=\"headline\" ><span class='tab_icon' aria-hidden='true' data-av_icon='\ue84f' data-av_iconfont='entypo-fontello'><\/span>Opuscolo<\/div>\n    <div id=\"tab-id-1-container\" class=\"tab_content active_tab_content\" aria-hidden=\"false\">\n        <div class=\"tab_inner_content invers-color\"  itemprop=\"text\" >\n<div class='w3eden'><!-- WPDM Link Template: Default Template -->\n\n<div class=\"link-template-default card mb-2\">\n    <div class=\"card-body\">\n        <div class=\"media\">\n            <div class=\"mr-3 img-48\"><img decoding=\"async\" class=\"wpdm_icon\" alt=\"Icona\" src=\"https:\/\/asmonlus.it\/wp-content\/plugins\/download-manager\/assets\/file-type-icons\/pdf.svg\" \/><\/div>\n            <div class=\"media-body\">\n                <h3 class=\"package-title\"><a href='https:\/\/asmonlus.it\/index.php\/download\/opuscolo\/'>Opuscolo - Il cuore del neonato, prendiamocelo a cuore!<\/a><\/h3>\n                <div class=\"text-muted text-small\"><i class=\"fas fa-copy\"><\/i> 1 file <i class=\"fas fa-hdd ml-3\"><\/i> 961.15 KB<\/div>\n            <\/div>\n            <div class=\"ml-3\">\n                <a class='wpdm-download-link download-on-click btn btn-primary ' rel='nofollow' href='#' data-downloadurl=\"https:\/\/asmonlus.it\/index.php\/download\/opuscolo\/?wpdmdl=3671&refresh=6a97be341d54c1788329524\">Download<\/a>\n            <\/div>\n        <\/div>\n    <\/div>\n<\/div>\n\n<\/div>\n\n        <\/div>\n    <\/div>\n<\/section>\n\n<\/div>\n\n<\/div><\/div><\/div><!-- close content main div --><\/div><\/div><div id='av_section_4'  class='avia-section main_color avia-section-small avia-no-shadow avia-bg-style-scroll  avia-builder-el-7  el_after_av_section  avia-builder-el-last   av-minimum-height av-minimum-height-custom  container_wrap fullsize' style=' '  ><div class='container' style='height:15px'><div class='template-page content  av-content-full alpha units'><div class='post-entry post-entry-type-page post-entry-3667'><div class='entry-content-wrapper clearfix'>\n","protected":false},"excerpt":{"rendered":"","protected":false},"author":3,"featured_media":0,"parent":0,"menu_order":0,"comment_status":"closed","ping_status":"closed","template":"","meta":{"footnotes":""},"yoast_head":"<!-- This site is optimized with the Yoast SEO plugin v22.0 - https:\/\/yoast.com\/wordpress\/plugins\/seo\/ -->\n<title>Il cuore del neonato, prendiamocelo a cuore! - ASM Onlus<\/title>\n<meta name=\"robots\" content=\"index, follow, max-snippet:-1, max-image-preview:large, max-video-preview:-1\" \/>\n<link rel=\"canonical\" href=\"https:\/\/asmonlus.it\/index.php\/il-cuore-del-neonato-prendiamocelo-a-cuore\/\" \/>\n<meta property=\"og:locale\" content=\"it_IT\" \/>\n<meta property=\"og:type\" content=\"article\" \/>\n<meta property=\"og:title\" content=\"Il cuore del neonato, prendiamocelo a cuore! - ASM Onlus\" \/>\n<meta property=\"og:url\" content=\"https:\/\/asmonlus.it\/index.php\/il-cuore-del-neonato-prendiamocelo-a-cuore\/\" \/>\n<meta property=\"og:site_name\" content=\"ASM Onlus\" \/>\n<meta property=\"article:publisher\" content=\"https:\/\/www.facebook.com\/ASM-ONLUS-Associazione-Italiana-Studio-Malformazioni-234922936565638\" \/>\n<meta property=\"article:modified_time\" content=\"2026-09-01T13:08:13+00:00\" \/>\n<meta property=\"og:image\" content=\"https:\/\/asmonlus.it\/wp-content\/uploads\/2019\/03\/image.png\" \/>\n\t<meta property=\"og:image:width\" content=\"220\" \/>\n\t<meta property=\"og:image:height\" content=\"220\" \/>\n\t<meta property=\"og:image:type\" content=\"image\/png\" \/>\n<meta name=\"twitter:card\" content=\"summary_large_image\" \/>\n<meta name=\"twitter:label1\" content=\"Tempo di lettura stimato\" \/>\n\t<meta name=\"twitter:data1\" content=\"3 minuti\" \/>\n<script type=\"application\/ld+json\" class=\"yoast-schema-graph\">{\"@context\":\"https:\/\/schema.org\",\"@graph\":[{\"@type\":\"WebPage\",\"@id\":\"https:\/\/asmonlus.it\/index.php\/il-cuore-del-neonato-prendiamocelo-a-cuore\/\",\"url\":\"https:\/\/asmonlus.it\/index.php\/il-cuore-del-neonato-prendiamocelo-a-cuore\/\",\"name\":\"Il cuore del neonato, prendiamocelo a cuore! - ASM Onlus\",\"isPartOf\":{\"@id\":\"https:\/\/asmonlus.it\/#website\"},\"datePublished\":\"2026-09-01T13:02:44+00:00\",\"dateModified\":\"2026-09-01T13:08:13+00:00\",\"breadcrumb\":{\"@id\":\"https:\/\/asmonlus.it\/index.php\/il-cuore-del-neonato-prendiamocelo-a-cuore\/#breadcrumb\"},\"inLanguage\":\"it-IT\",\"potentialAction\":[{\"@type\":\"ReadAction\",\"target\":[\"https:\/\/asmonlus.it\/index.php\/il-cuore-del-neonato-prendiamocelo-a-cuore\/\"]}]},{\"@type\":\"BreadcrumbList\",\"@id\":\"https:\/\/asmonlus.it\/index.php\/il-cuore-del-neonato-prendiamocelo-a-cuore\/#breadcrumb\",\"itemListElement\":[{\"@type\":\"ListItem\",\"position\":1,\"name\":\"Home\",\"item\":\"https:\/\/asmonlus.it\/\"},{\"@type\":\"ListItem\",\"position\":2,\"name\":\"Il cuore del neonato, prendiamocelo a cuore!\"}]},{\"@type\":\"WebSite\",\"@id\":\"https:\/\/asmonlus.it\/#website\",\"url\":\"https:\/\/asmonlus.it\/\",\"name\":\"ASM Onlus\",\"description\":\"\",\"publisher\":{\"@id\":\"https:\/\/asmonlus.it\/#organization\"},\"potentialAction\":[{\"@type\":\"SearchAction\",\"target\":{\"@type\":\"EntryPoint\",\"urlTemplate\":\"https:\/\/asmonlus.it\/?s={search_term_string}\"},\"query-input\":\"required name=search_term_string\"}],\"inLanguage\":\"it-IT\"},{\"@type\":\"Organization\",\"@id\":\"https:\/\/asmonlus.it\/#organization\",\"name\":\"ASM Onlus\",\"url\":\"https:\/\/asmonlus.it\/\",\"logo\":{\"@type\":\"ImageObject\",\"inLanguage\":\"it-IT\",\"@id\":\"https:\/\/asmonlus.it\/#\/schema\/logo\/image\/\",\"url\":\"http:\/\/asmonlus.it\/wp-content\/uploads\/2019\/03\/image.png\",\"contentUrl\":\"http:\/\/asmonlus.it\/wp-content\/uploads\/2019\/03\/image.png\",\"width\":220,\"height\":220,\"caption\":\"ASM Onlus\"},\"image\":{\"@id\":\"https:\/\/asmonlus.it\/#\/schema\/logo\/image\/\"},\"sameAs\":[\"https:\/\/www.facebook.com\/ASM-ONLUS-Associazione-Italiana-Studio-Malformazioni-234922936565638\",\"https:\/\/www.instagram.com\/asmonlus.it\",\"https:\/\/www.youtube.com\/channel\/UCHy1ALeK8g71u_JVC9mcvWQ\"]}]}<\/script>\n<!-- \/ Yoast SEO plugin. -->","yoast_head_json":{"title":"Il cuore del neonato, prendiamocelo a cuore! - ASM Onlus","robots":{"index":"index","follow":"follow","max-snippet":"max-snippet:-1","max-image-preview":"max-image-preview:large","max-video-preview":"max-video-preview:-1"},"canonical":"https:\/\/asmonlus.it\/index.php\/il-cuore-del-neonato-prendiamocelo-a-cuore\/","og_locale":"it_IT","og_type":"article","og_title":"Il cuore del neonato, prendiamocelo a cuore! - ASM Onlus","og_url":"https:\/\/asmonlus.it\/index.php\/il-cuore-del-neonato-prendiamocelo-a-cuore\/","og_site_name":"ASM Onlus","article_publisher":"https:\/\/www.facebook.com\/ASM-ONLUS-Associazione-Italiana-Studio-Malformazioni-234922936565638","article_modified_time":"2026-09-01T13:08:13+00:00","og_image":[{"width":220,"height":220,"url":"https:\/\/asmonlus.it\/wp-content\/uploads\/2019\/03\/image.png","type":"image\/png"}],"twitter_card":"summary_large_image","twitter_misc":{"Tempo di lettura stimato":"3 minuti"},"schema":{"@context":"https:\/\/schema.org","@graph":[{"@type":"WebPage","@id":"https:\/\/asmonlus.it\/index.php\/il-cuore-del-neonato-prendiamocelo-a-cuore\/","url":"https:\/\/asmonlus.it\/index.php\/il-cuore-del-neonato-prendiamocelo-a-cuore\/","name":"Il cuore del neonato, prendiamocelo a cuore! - ASM Onlus","isPartOf":{"@id":"https:\/\/asmonlus.it\/#website"},"datePublished":"2026-09-01T13:02:44+00:00","dateModified":"2026-09-01T13:08:13+00:00","breadcrumb":{"@id":"https:\/\/asmonlus.it\/index.php\/il-cuore-del-neonato-prendiamocelo-a-cuore\/#breadcrumb"},"inLanguage":"it-IT","potentialAction":[{"@type":"ReadAction","target":["https:\/\/asmonlus.it\/index.php\/il-cuore-del-neonato-prendiamocelo-a-cuore\/"]}]},{"@type":"BreadcrumbList","@id":"https:\/\/asmonlus.it\/index.php\/il-cuore-del-neonato-prendiamocelo-a-cuore\/#breadcrumb","itemListElement":[{"@type":"ListItem","position":1,"name":"Home","item":"https:\/\/asmonlus.it\/"},{"@type":"ListItem","position":2,"name":"Il cuore del neonato, prendiamocelo a cuore!"}]},{"@type":"WebSite","@id":"https:\/\/asmonlus.it\/#website","url":"https:\/\/asmonlus.it\/","name":"ASM Onlus","description":"","publisher":{"@id":"https:\/\/asmonlus.it\/#organization"},"potentialAction":[{"@type":"SearchAction","target":{"@type":"EntryPoint","urlTemplate":"https:\/\/asmonlus.it\/?s={search_term_string}"},"query-input":"required name=search_term_string"}],"inLanguage":"it-IT"},{"@type":"Organization","@id":"https:\/\/asmonlus.it\/#organization","name":"ASM Onlus","url":"https:\/\/asmonlus.it\/","logo":{"@type":"ImageObject","inLanguage":"it-IT","@id":"https:\/\/asmonlus.it\/#\/schema\/logo\/image\/","url":"http:\/\/asmonlus.it\/wp-content\/uploads\/2019\/03\/image.png","contentUrl":"http:\/\/asmonlus.it\/wp-content\/uploads\/2019\/03\/image.png","width":220,"height":220,"caption":"ASM Onlus"},"image":{"@id":"https:\/\/asmonlus.it\/#\/schema\/logo\/image\/"},"sameAs":["https:\/\/www.facebook.com\/ASM-ONLUS-Associazione-Italiana-Studio-Malformazioni-234922936565638","https:\/\/www.instagram.com\/asmonlus.it","https:\/\/www.youtube.com\/channel\/UCHy1ALeK8g71u_JVC9mcvWQ"]}]}},"_links":{"self":[{"href":"https:\/\/asmonlus.it\/index.php\/wp-json\/wp\/v2\/pages\/3667"}],"collection":[{"href":"https:\/\/asmonlus.it\/index.php\/wp-json\/wp\/v2\/pages"}],"about":[{"href":"https:\/\/asmonlus.it\/index.php\/wp-json\/wp\/v2\/types\/page"}],"author":[{"embeddable":true,"href":"https:\/\/asmonlus.it\/index.php\/wp-json\/wp\/v2\/users\/3"}],"replies":[{"embeddable":true,"href":"https:\/\/asmonlus.it\/index.php\/wp-json\/wp\/v2\/comments?post=3667"}],"version-history":[{"count":4,"href":"https:\/\/asmonlus.it\/index.php\/wp-json\/wp\/v2\/pages\/3667\/revisions"}],"predecessor-version":[{"id":3675,"href":"https:\/\/asmonlus.it\/index.php\/wp-json\/wp\/v2\/pages\/3667\/revisions\/3675"}],"wp:attachment":[{"href":"https:\/\/asmonlus.it\/index.php\/wp-json\/wp\/v2\/media?parent=3667"}],"curies":[{"name":"wp","href":"https:\/\/api.w.org\/{rel}","templated":true}]}}